{"id":4,"date":"2020-02-24T16:19:08","date_gmt":"2020-02-24T16:19:08","guid":{"rendered":"http:\/\/plasticattack.fr\/bienvenue-sur-http-plasticattack-fr"},"modified":"2021-06-28T21:18:28","modified_gmt":"2021-06-28T21:18:28","slug":"bienvenue-sur-http-plasticattack-fr-2","status":"publish","type":"page","link":"https:\/\/plasticattackfrance.org\/","title":{"rendered":"Bienvenue !"},"content":{"rendered":"<style>.wp-block-kadence-spacer.kt-block-spacer-_bc3154-c7 .kt-block-spacer{height:60px;}.wp-block-kadence-spacer.kt-block-spacer-_bc3154-c7 .kt-divider{border-top-width:1px;height:1px;border-top-color:#eee;width:80%;border-top-style:solid;}<\/style>\n<div class=\"wp-block-kadence-spacer aligncenter kt-block-spacer-_bc3154-c7\"><div class=\"kt-block-spacer kt-block-spacer-halign-center\" style=\"height:60px\"><hr class=\"kt-divider\" style=\"border-top-color:#eee;border-top-width:1px;width:80%;border-top-style:solid\"\/><\/div><\/div>\n\n\n\n<h3 class=\"wp-block-heading\">\u00ab\u00a0LE PLASTIQUE, C&rsquo;EST FANTASTIQUE\u00a0\u00bb, UN REFRAIN BIEN D\u00c9PASS\u00c9 !<\/h3>\n\n\n\n<p>La prise de conscience est d\u00e9sormais mondiale contre ce fl\u00e9au insidieux qui se niche partout&nbsp;: dans l\u2019eau, l\u2019air, nos aliments, de la banquise au fond des abysses de l\u2019oc\u00e9an pacifique. Pourtant, sa production est loin de diminuer et les fausses solutions sont l\u00e9gions.<\/p>\n\n\n\n<p>C\u2019est pourquoi l\u2019association Plastic Attack France s\u2019est donn\u00e9 pour mission de r\u00e9duire l\u2019usage du plastique \u00e0 la source.<\/p>\n\n\n\n<p>Pour mener \u00e0 bien cet objectif nous utilisons diff\u00e9rents leviers d\u2019action&nbsp;:<\/p>\n\n\n\n<ul class=\"wp-block-list\"><li>Information, sensibilisation du grand public (actions terrain, \u00e9v\u00e9nements, ateliers, conf\u00e9rences),<\/li><li>Lobbying\u00a0citoyen aupr\u00e8s des pouvoirs publics et industriels,<\/li><li>Accompagnement des collectivit\u00e9s et territoires.<\/li><\/ul>\n\n\n\n<p>Nous promouvons le \u00ab&nbsp;z\u00e9ro plastique&nbsp;\u00bb et plus largement le \u00ab&nbsp;z\u00e9ro d\u00e9chet&nbsp;\u00bb car nous avons conscience de vivre sur une plan\u00e8te finie aux ressources finies, c\u2019est pourquoi il est essentiel de sortir de l\u2019\u00e8re du \u00ab&nbsp;tout-jetable&nbsp;\u00bb.<\/p>\n","protected":false},"excerpt":{"rendered":"<p>\u00ab\u00a0LE PLASTIQUE, C&rsquo;EST FANTASTIQUE\u00a0\u00bb, UN REFRAIN BIEN D\u00c9PASS\u00c9 ! La prise de conscience est d\u00e9sormais mondiale contre ce fl\u00e9au insidieux qui se niche partout&nbsp;: dans l\u2019eau, l\u2019air, nos aliments, de la banquise au fond des abysses de l\u2019oc\u00e9an pacifique. Pourtant, sa production est loin de diminuer et les fausses solutions sont l\u00e9gions. C\u2019est pourquoi l\u2019association Plastic Attack France s\u2019est donn\u00e9 pour mission de r\u00e9duire l\u2019usage du plastique \u00e0 la source. Pour mener \u00e0 bien cet objectif nous utilisons diff\u00e9rents leviers d\u2019action&nbsp;: Information, sensibilisation du grand public (actions terrain, \u00e9v\u00e9nements, ateliers, conf\u00e9rences), Lobbying\u00a0citoyen aupr\u00e8s des pouvoirs publics et industriels, Accompagnement des collectivit\u00e9s et territoires. Nous promouvons le \u00ab&nbsp;z\u00e9ro plastique&nbsp;\u00bb et plus largement le \u00ab&nbsp;z\u00e9ro d\u00e9chet&nbsp;\u00bb car nous avons conscience de vivre sur une plan\u00e8te finie aux ressources finies, c\u2019est pourquoi il est essentiel de sortir de l\u2019\u00e8re du \u00ab&nbsp;tout-jetable&nbsp;\u00bb.<\/p>\n","protected":false},"author":1,"featured_media":0,"parent":0,"menu_order":0,"comment_status":"closed","ping_status":"closed","template":"","meta":{"_monsterinsights_skip_tracking":false,"_monsterinsights_sitenote_active":false,"_monsterinsights_sitenote_note":"","_monsterinsights_sitenote_category":0,"footnotes":""},"class_list":["post-4","page","type-page","status-publish","hentry"],"_links":{"self":[{"href":"https:\/\/plasticattackfrance.org\/index.php?rest_route=\/wp\/v2\/pages\/4","targetHints":{"allow":["GET"]}}],"collection":[{"href":"https:\/\/plasticattackfrance.org\/index.php?rest_route=\/wp\/v2\/pages"}],"about":[{"href":"https:\/\/plasticattackfrance.org\/index.php?rest_route=\/wp\/v2\/types\/page"}],"author":[{"embeddable":true,"href":"https:\/\/plasticattackfrance.org\/index.php?rest_route=\/wp\/v2\/users\/1"}],"replies":[{"embeddable":true,"href":"https:\/\/plasticattackfrance.org\/index.php?rest_route=%2Fwp%2Fv2%2Fcomments&post=4"}],"version-history":[{"count":24,"href":"https:\/\/plasticattackfrance.org\/index.php?rest_route=\/wp\/v2\/pages\/4\/revisions"}],"predecessor-version":[{"id":1119,"href":"https:\/\/plasticattackfrance.org\/index.php?rest_route=\/wp\/v2\/pages\/4\/revisions\/1119"}],"wp:attachment":[{"href":"https:\/\/plasticattackfrance.org\/index.php?rest_route=%2Fwp%2Fv2%2Fmedia&parent=4"}],"curies":[{"name":"wp","href":"https:\/\/api.w.org\/{rel}","templated":true}]}}